{"id":22,"date":"2022-09-22T08:09:52","date_gmt":"2022-09-22T08:09:52","guid":{"rendered":"https:\/\/www.pmdgranada.es\/NOCTURNA\/?page_id=22"},"modified":"2025-12-01T09:12:58","modified_gmt":"2025-12-01T09:12:58","slug":"normativa","status":"publish","type":"page","link":"https:\/\/www.pmdgranada.es\/NOCTURNA\/normativa\/","title":{"rendered":"CONDICIONES DE PARTICIPACI\u00d3N &#8211; 33 EDICI\u00d3N 2025"},"content":{"rendered":"\n<button id=\"listenButton1\" class=\"responsivevoice-button\" type=\"button\" value=\"Play\" title=\"ResponsiveVoice Tap to Start\/Stop Speech\"><span>&#128266; Escuchar<\/span><\/button>\n        <script>\n            listenButton1.onclick = function(){\n                if(responsiveVoice.isPlaying()){\n                    responsiveVoice.cancel();\n                }else{\n                    responsiveVoice.speak(\"1. Presentaci\u00f3n. 1.1. La Concejal\u00eda de Deportes del Excmo. Ayuntamiento de Granada organiza la Carrera Nocturna 2025, en la que puede tomar parte cualquier persona que lo desee, siempre que cumpla los requisitos exigidos el d\u00eda de la prueba. La edad m\u00ednima para participar es de 4 a\u00f1os. 1.2. La Carrera Nocturna se celebrar\u00e1 el viernes 19 de diciembre y tendr\u00e1 cinco circuitos: 1.2.1. Circuitos Cortos, para ni\u00f1os, ni\u00f1as y j\u00f3venes, nacidos entre los a\u00f1os 2010 y 2021, cuyas salidas ser\u00e1n progresivas por categor\u00edas empezando los m\u00e1s peque\u00f1os a las 17:30 h. Recorrer\u00e1n distancias desde 100 m. hasta 1.600 m., que se celebrar\u00e1n en el Paseo del Viol\u00f3n. 1.2.2. Circuito Largo, para los nacidos en el a\u00f1o 2009 y anteriores, cuya salida se dar\u00e1 a las 20:00 h. aprox. tras la terminaci\u00f3n de los circuitos cortos. Recorrer\u00e1n una distancia aproximada de 4 km., por el centro hist\u00f3rico de Granada. 1.3. La Carrera Nocturna es una prueba Popular, donde los corredores podr\u00e1n participar disfrazados, existiendo premios especiales para ellos. 1.4. Premios a Disfraces: se conceder\u00e1n: Al mejor disfraz, al m\u00e1s original, al m\u00e1s elaborado. al m\u00e1s navide\u00f1o, al m\u00e1s numeroso, al m\u00e1s actual. Nota: si el participante no recoge el premio en la ceremonia de entrega, perder\u00e1 todo derecho al mismo. 1.5. El uso del chip es obligatorio, este ser\u00e1 cedido por la organizaci\u00f3n. 1.6. Tendr\u00e1, como Salida y Meta en el Paseo del Viol\u00f3n (junto al Palacio de Congresos). Todos los participantes deber\u00e1n estar preparados en la zona de salida 15 minutos antes de \u00e9sta. 1.7. La participaci\u00f3n sin inscripci\u00f3n est\u00e1 completamente prohibida por medidas de seguridad y se expulsar\u00e1 a toda persona que se encuentre en el circuito sin dorsal. 1.8. No est\u00e1 permito correr con perros, bicicleta, patines o cualquier otro objeto que pueda ser peligroso para el resto de participantes. 2. Requisitos previos. 2.1. Estar en condiciones f\u00edsicas suficientes para afrontar la totalidad del recorrido. 2..2. No padecer enfermedad, defecto f\u00edsico o lesi\u00f3n que pueda agravarse con la participaci\u00f3n. 2.3. Atletas federados: estar en posesi\u00f3n de la licencia federativa en vigor y no estar sujeto a ning\u00fan tipo de sanci\u00f3n federativa. 2.4. Todos los menores de edad, deber\u00e1n entregar una autorizaci\u00f3n materna\/paterna\/tutora\/tutor con el consentimiento para la participaci\u00f3n del menor en la carrera. 3. Inscripciones. 3.1. Procedimiento de Inscripciones: no se aceptan inscripciones telef\u00f3nicas, ni por fax, ni por otras formas distintas a las aqu\u00ed especificadas: On-Line: en la Sede Electr\u00f3nica de la Concejal\u00eda de Deportes https:\/\/sededeportes.granada.org\/cgi-bin\/inFini#\/, escogiendo grupo seg\u00fan la edad que corresponda. 3.2. Plazo de inscripci\u00f3n: se cerrar\u00e1 en el momento en que se supere el l\u00edmite m\u00e1ximo de participantes de 2.500. Y en todo caso hasta el jueves 11 de diciembre a las 24:00 h. 3.3. Derechos de participaci\u00f3n: ~ Precios de Inscripci\u00f3n ~ Plazo inscripci\u00f3n Adultos Menores Hasta el jueves 11 de diciembre 2025 a las 24.00 h. 10 \u20ac 5,50 \u20ac y podr\u00e1 abonarse mediante: Tarjeta On-Line: a trav\u00e9s de pasarela bancaria, introduciendo los datos de su tarjeta de cr\u00e9dito\/debito, cuando el procedimiento de inscripci\u00f3n on-line as\u00ed se lo solicite. Monedero electr\u00f3nico: deber\u00e1 de tener el saldo suficiente para poder conformar el pago. Saldo de usuario o usuaria: deber\u00e1 comunicarlo a la Concejal\u00eda de Deportes de la intenci\u00f3n de pagar su inscripci\u00f3n con su saldo para que se haga la compensaci\u00f3n del mismo total o parcial por la cuant\u00eda de la inscripci\u00f3n. 3.4. La inscripci\u00f3n quedar\u00e1 formalizada cuando el ingreso haya sido comprobado. Cuando as\u00ed sea, se asignar\u00e1 autom\u00e1ticamente un n\u00famero de dorsal. Tener un dorsal asignado garantiza que el participante ha quedado correctamente inscrito. No se aceptan otras formas de pago, distintas a las especificadas. Nota: las inscripciones de Grupos est\u00e1n deshabilitadas debido a que la aceptaci\u00f3n de la Condiciones de Participaci\u00f3n y la aceptaci\u00f3n de la Clausula de Protecci\u00f3n de Datos personales se deben hacer de forma individual. 4. Categor\u00edas y Circuitos. ~ Circuitos Cortos ~ Categor\u00edas de menores: masculinas y femeninas Distancia aprox. H. Salida aprox. J\u00f3venes Promesas Nacidos\/as en 2020 y 2021 100 m. 17:30 h. Prebenjam\u00edn Nacidos\/as en 2018 y 2019 200 m. Comienza cuando termine la anterior. Benjam\u00edn Nacidos\/as en 2016 y 2017 400 m. Comienza cuando termine la anterior. Alev\u00edn Nacidos\/as en 2014 y 2015 800 m. Comienza cuando termine la anterior. Infantil Nacidos\/as en 2012 y 2013 800 m. Comienza cuando termine la anterior. Cadete Nacidos\/as en 2010 y 2011 1.600 m. Comienza cuando termine la anterior. \u00a0 ~\u00a0Circuito Largo\u00a0~ Categor\u00eda de adultos: masculina y femenina Distancia aprox. H. Salida aprox. Absoluta Nacidos\/as en 2009 y anteriores. 4.500 m. 20:00 h. aprox. 5. Condiciones de participaci\u00f3n. 5.1. Todo participante, al formalizar su inscripci\u00f3n, acepta las condiciones de participaci\u00f3n en \u00e9sta carrera y se compromete a acatar el presente reglamento. 5.2. El circuito est\u00e1 comprendido dentro del plan de autoprotecci\u00f3n de la prueba, reuniendo las condiciones necesarias para la participaci\u00f3n segura del corredor y siempre que \u00e9ste no abandone el trazado dise\u00f1ado, respete las condiciones de participaci\u00f3n, y atienda en todo momento las indicaciones y\/o instrucciones que le sean dadas desde la organizaci\u00f3n o fuerzas de orden p\u00fablico. 5.3. El participante deber\u00e1 mantenerse en todo momento dentro del circuito dise\u00f1ado y acotado por la polic\u00eda local y entre los veh\u00edculos de cabeza de carrera (bandera roja) y de cola de carrera (bandera verde). 5.4. El participante acepta con la inscripci\u00f3n los riesgos que podr\u00edan derivarse de la pr\u00e1ctica de la actividad, en las condiciones y espacio de celebraci\u00f3n (tales como lesiones articulares y\/o musculares, rozaduras, las derivadas de un sobre esfuerzo, as\u00ed como las complicaciones m\u00e9dicas de enfermedades o lesiones del deportista que se puedan acrecentar por la pr\u00e1ctica de la actividad f\u00edsica). El recorrido es en su totalidad apto para la pr\u00e1ctica de carreras a pie y est\u00e1 aprobado por la FAA. 5.5. La Organizaci\u00f3n dispondr\u00e1 de los servicios m\u00e9dicos necesarios para atender al participante durante el desarrollo de la prueba. 5.6. La Organizaci\u00f3n recomienda a todos los participantes que se sometan a un reconocimiento m\u00e9dico previo a la celebraci\u00f3n de la prueba, aceptando todos los participantes el riesgo derivado de la actividad deportiva. 5.7. El participante en el momento de su inscripci\u00f3n manifiesta encontrarse f\u00edsicamente apto para el evento, no obstante, aquellos corredores con afecciones m\u00e9dicas especiales (alergias, intolerancias, diabetes...), est\u00e1 obligado a notificarlo previamente y por escrito a la Organizaci\u00f3n, y deber\u00e1 solicitar al retirar el dorsal una etiqueta especial consignando en el reverso su problema espec\u00edfico, tel\u00e9fono y nombre de una persona de contacto, debi\u00e9ndosela poner en sitio visible durante la carrera. CLAUSURA de PROTECCI\u00d3N de DATOS de CAR\u00c1CTER PERSONAL. 5.8. Todo participante, al formalizar su inscripci\u00f3n, deber\u00e1 autorizar la cl\u00e1usula de protecci\u00f3n de datos siguiente: \\\"Doy mi consentimiento para que los datos personales contenidos en esta solicitud y sean tratados la Concejal\u00eda de Deportes del Ayuntamiento de Granada, y puedan ser utilizados con la finalidad de participar en la Carrera Nocturna, a celebrar el 19 de diciembre de 2025. Asimismo autorizo la publicaci\u00f3n de mis datos personales necesarios para el desarrollo de la prueba, ya sea en listados, en medios de comunicaci\u00f3n y\/o Internet, as\u00ed como su uso para el env\u00edo de informaci\u00f3n relativa al evento. Igualmente autorizo que las im\u00e1genes recabadas (fotograf\u00eda o filme) se puedan utilizar en cualquier publicaci\u00f3n o acci\u00f3n publicitaria, con el \u00fanico fin de promoci\u00f3n y difusi\u00f3n del evento. En caso de negativa al tratamiento de sus datos no podr\u00e1 tramitarse su solicitud. a) De acuerdo con el Art. 13 del Reglamento (UE) 2016\/679 del Parlamento Europeo y del Consejo de 27 de abril de 2016 (Reglamento General de Protecci\u00f3n de Datos Personales) as\u00ed como con la Ley Org\u00e1nica 3\/2018, de 5 de diciembre, de protecci\u00f3n de datos personales y garant\u00eda de los derechos digitales, se informa que sus datos personales ser\u00e1n tratados por la Concejal\u00eda de Deportes del Ayuntamiento de Granada, con la finalidad de su participaci\u00f3n en la Carrera Nocturna 2025. b) El Responsable del tratamiento es la Concejal\u00eda de Deportes del Ayuntamiento de Granada, cuya direcci\u00f3n es Oficina de Servicios Deportivos (esquina sur del Palacio de Deportes) Calle Comares, s\/n -18007- Granada, ante quien se puede ejercer los derechos de acceso, rectificaci\u00f3n o supresi\u00f3n, o la limitaci\u00f3n de su tratamiento, y oponerse al tratamiento, as\u00ed como en su caso el derecho a la portabilidad de los datos. c) Los datos se comunicaran a las unidades del Ayuntamiento de Granada competentes en la materia relacionada con su solicitud, igualmente se informa que se comunicar\u00e1n a la empresa de cronometraje y Compa\u00f1\u00eda de Seguros con las que el Ayuntamiento de Granada tiene contratada la prestaci\u00f3n del servicio de cronometraje y seguros respectivamente, en los dem\u00e1s supuestos previstos en la normativa vigente sobre protecci\u00f3n de datos de car\u00e1cter personal. d) Podr\u00e1 contactar con el Delegado de Protecci\u00f3n de Datos en la direcci\u00f3n electr\u00f3nica dpd@granada.org. e) Para m\u00e1s informaci\u00f3n, consulte el Registro de Actividad de Tratamientos Eventos Deportivos en el siguiente enlace.\\\" Sin dicha autorizaci\u00f3n NO se permite la participaci\u00f3n en la carrera. Cada participante es responsable de la veracidad de los datos proporcionados en su inscripci\u00f3n. No se permite la participaci\u00f3n en la carrera sin inscripci\u00f3n previa. La devoluci\u00f3n de cuotas se deber\u00e1 ajustar a la \\\"NORMATIVA DE GESTI\u00d3N Y PRECIOS P\u00daBLICOS POR LAS PRESTACIONES DE SERVICIO P\u00daBLICO DE DEPORTES\\\" (Bolet\u00edn Oficial de la Provincia n\u00famero 116 de 22 de junio de 2023). 6. Retirada de Dorsales y Chips. 6.1. Los dorsales y chips se podr\u00e1n retirar en El Corte Ingl\u00e9s (4\u00aa Planta, zona deportes) durante los d\u00edas 18 y 19 de diciembre con los siguientes horarios: Jueves 18 de diciembre, de 10.00 a 21.00 h. Viernes 19 de diciembre, de 10.00 a 19.00 h. Nota: No se har\u00e1 entrega de dorsales y chips la tarde del 19 de diciembre en la zona de competici\u00f3n. 7. Obsequios y Premios. Nota: si el participante no recoge el premio en la ceremonia de entrega, perder\u00e1 todo derecho al mismo. 7.1. Todos los corredores inscritos en la prueba recibir\u00e1n una camiseta conmemorativa de la carrera. 7.2. Recorrido Largo: Trofeo para los 3 primeros clasificados absolutos, masculino y femenino, debiendo acreditarse mediante DNI, pasaporte o carn\u00e9 de conducir, para su recogida. 7.3. Recorridos Cortos: Medallas para todos los corredores inscritos que finalicen el recorrido. Trofeo a los 3 primeros de cada categor\u00eda, masculina y femenina. 8. Competici\u00f3n. 8.7. Guardarropa. La Organizaci\u00f3n de la prueba pone a disposici\u00f3n de los participantes guardarropa de uso puntual para el tiempo que dure la prueba de manera gratuita. Se recomienda expresamente no dejar objetos de valor, joyas o dinero en el guarda-ropa y no se hace responsable de ninguna perdida, hurto o robo de las pertenencias depositadas. 8.2. Tiempo: por inter\u00e9s general la organizaci\u00f3n limita el tiempo m\u00e1ximo a emplear en el recorrido de los 4,5 km a 1 h y 30 minutos para realizar todo el recorrido, una vez rebasado el tiempo m\u00e1ximo la Polic\u00eda podr\u00e1 pedir que el\/la atleta se quite el dorsal y abandone el circuito debiendo irse a la acera. 8.3. Clasificaciones: El cronometraje de la prueba se realizar\u00e1 mediante el sistema de \u201cchip electr\u00f3nico desechable\u201d, por lo que es obligatoria su utilizaci\u00f3n para la prueba competitiva. Los corredores deber\u00e1n recogerlo, junto con el dorsal, antes del inicio de la prueba. El chip va adherido al dorsal para poder permitir el control por la esterilla de cronometraje. 8.4. Circulaci\u00f3n: La totalidad del circuito estar\u00e1 restringido al tr\u00e1fico rodado y cerrado completamente en el sentido de la carrera. Los \u00fanicos veh\u00edculos autorizados a seguir la prueba ser\u00e1n los designados por la Organizaci\u00f3n. La Polic\u00eda Local podr\u00e1 sancionar expresamente a aquellos conductores que incumplan las limitaciones de circulaci\u00f3n establecidas. 8.5 Seguros: Los participantes dispondr\u00e1n de un seguro de accidentes y responsabilidad civil que cubrir\u00e1 las incidencias inherentes a la carrera. La Organizaci\u00f3n declina toda responsabilidad por los da\u00f1os, perjuicios o lesiones que los participantes puedan sufrir o causar a terceros, fuera del estricto \u00e1mbito de la competici\u00f3n. 8.6. Sanciones Deportivas: Ser\u00e1 autom\u00e1ticamente descalificado en la prueba competitiva. Quien no lleve el chip. Quien no realice el recorrido completo o no lleve a cabo su paso por alg\u00fan control. Quien no lleve visible el dorsal. Quien altere la publicidad del dorsal. Quien corra con dorsal adjudicado a otro\/a atleta. Quien falsee la categor\u00eda. Quien entre en meta sin dorsal. Quien no atienda las indicaciones de los jueces. Quien manifieste un comportamiento no deportivo. 8.7. Reclamaciones o impugnaciones: Ser\u00e1n \u00fanicamente competencia y deber\u00e1n ser cursadas al al juez \u00e1rbitro de la prueba hasta 30 minutos despu\u00e9s de la publicaci\u00f3n de los resultados. 9. Informaci\u00f3n y Contacto. 9.1. Secretar\u00eda de Organizaci\u00f3n: ubicada en la Oficina de la Concejal\u00eda de Deportes, anexa al Palacio de Deportes (C\/ Torre Comares s\/n, 18007 Granada). Tel\u00e9fono.: 958.13.11.17, en horario de lunes a viernes de 9:00 a 14:00h. E-mail: eventos@granada.org. Web: https:\/\/deportes.granada.org\/NOCTURNA\/. 9.2. Centro de Competici\u00f3n: estar\u00e1 ubicado en Pl. Monumento al Viajero (Paseo del Viol\u00f3n), abierto desde el 19 de diciembre las 17:00h, hasta la finalizaci\u00f3n de la prueba. 10. Recorrido Largo. 10.1. Recorrido 4.500 m. aprox. (nacidos en 2009 y anteriores): SALIDA: 20.00 h. Paseo del Viol\u00f3n (junto palacio de Congresos) , C\/ Acera del Darro, C\/ Recogidas, C\/ Puentezuelas, C\/ Carril del Pic\u00f3n, C\/ Gran Capit\u00e1n, C\/ San Juan de Dios, C\/ Gran V\u00eda de Col\u00f3n, C\/ Reyes Cat\u00f3licos, C\/ \u00c1ngel Ganivet, Pl. Marina Pineda, Pl. del Campillo, Carrera de la Virgen, Paseo del Sal\u00f3n, C\/ Acera del Darro, Paseo Del Viol\u00f3n Meta: Paseo del Viol\u00f3n. META: Paseo del Viol\u00f3n. Distancia del circuito: 4.500 m aprox. 11. Recorridos Cortos. 11.1. Recorrido 100 m. J\u00f3venes Promesas (nacidos en 2020 y 2021) 1 vuelta al circuito: SALIDA: 17:30 h. Paseo del Viol\u00f3n. Dorsal Rojo META: Paseo del Viol\u00f3n. Distancia del circuito: 100 m aprox. 11.2. Recorrido 200 m. Prebenjam\u00edn (nacidos en 2018 y 2019) 1 vuelta al circuito: SALIDA: Tras la finalizaci\u00f3n de la categor\u00eda anterior. Paseo del Viol\u00f3n. Dorsal celeste. META: Paseo del Viol\u00f3n. Distancia del circuito: 200 m aprox. 11.3. Recorrido 400 m. Benjam\u00edn (nacidos en 2016 y 2017) 2 vuelta al circuito: SALIDA: Tras la finalizaci\u00f3n de la categor\u00eda anterior. Paseo del Viol\u00f3n. Dorsal verde. META: Paseo del Viol\u00f3n. Distancia del circuito: 400 m aprox. 11.4. Recorrido 800 m. Alev\u00edn (nacidos entre 2014 y 2015) 4 vueltas al circuito: SALIDA: Tras la finalizaci\u00f3n de la categor\u00eda anterior. Paseo del Viol\u00f3n. Dorsal amarillo. META: Paseo del Viol\u00f3n. Distancia del circuito: 800 m aprox. 11.5. Recorrido 800 m. aprox. Infantil (nacidos entre 2012 y 2013) 4 vueltas al circuito: SALIDA: Tras la finalizaci\u00f3n de la categor\u00eda anterior. Paseo del Viol\u00f3n. Dorsal naranja. META: Paseo del Viol\u00f3n. Distancia del circuito: 800 m aprox. 11.6. Recorrido 1.600 m. Cadete (nacidos entre 2010 y 2011) 8 vueltas al circuito: SALIDA: Tras la finalizaci\u00f3n de la categor\u00eda anterior. Paseo del Viol\u00f3n. Dorsal violeta META: Paseo del Viol\u00f3n. Distancia del circuito: 1.600 m aprox.\", \"Spanish Female\");\n                }\n            };\n        <\/script>\n    \n\n\n\n<h1 class=\"wp-block-heading\" id=\"presentacion\">1. Presentaci\u00f3n.<\/h1>\n\n\n\n<p>1.1. La <strong>Concejal\u00eda<\/strong><strong> de Deportes del Excmo. Ayuntamiento de Granada<\/strong> organiza la <strong>Carrera Nocturna 202<\/strong>5, en la que puede tomar parte cualquier persona que lo desee, siempre que cumpla los requisitos exigidos el d\u00eda de la prueba. La edad m\u00ednima para participar es de <strong>4 a\u00f1os<\/strong>.<\/p>\n\n\n\n<p>1.2. La <strong>Carrera Nocturna<\/strong> se celebrar\u00e1 el viernes <strong>19 de diciembre <\/strong>y tendr\u00e1 <strong>cinco circuitos<\/strong>:<\/p>\n\n\n\n<ul class=\"wp-block-list mi-lista\">\n<li>1.2.1. <strong>Circuitos Cortos, para ni\u00f1os, ni\u00f1as y j\u00f3venes<\/strong>, nacidos entre los a\u00f1os 2010 y 2021, cuyas salidas ser\u00e1n progresivas por categor\u00edas empezando los m\u00e1s peque\u00f1os a las 17:30 h. Recorrer\u00e1n distancias desde 100 m. hasta 1.600 m., que se celebrar\u00e1n en el Paseo del Viol\u00f3n.<\/li>\n\n\n\n<li>1.2.2. <strong>Circuito Largo<\/strong>, para los nacidos en el a\u00f1o 2009 y anteriores, cuya salida se dar\u00e1 a las 20:00 h. aprox. tras la terminaci\u00f3n de los circuitos cortos. Recorrer\u00e1n una distancia aproximada de 4 km., por el centro hist\u00f3rico de Granada.<\/li>\n<\/ul>\n\n\n\n<p>1.3. La <strong>Carrera Nocturna<\/strong> es una prueba <strong>Popular<\/strong>, donde los corredores podr\u00e1n participar disfrazados, existiendo premios especiales para ellos.<\/p>\n\n\n\n<p>1.4. <strong>Premios a Disfraces<\/strong>: se conceder\u00e1n:<\/p>\n\n\n\n<ul class=\"wp-block-list mi-lista\">\n<li>Al <strong>mejor <\/strong>disfraz, al <strong>m\u00e1s original<\/strong>, al <strong>m\u00e1s elaborado<\/strong>. al <strong>m\u00e1s navide\u00f1o<\/strong>, al <strong>m\u00e1s numeroso<\/strong>, al <strong>m\u00e1s actual.<\/strong><\/li>\n<\/ul>\n\n\n\n<p><strong>Nota:<\/strong> si el participante no recoge el premio en la ceremonia de entrega, perder\u00e1 todo derecho al mismo.<\/p>\n\n\n\n<p>1.5. El uso del <strong>chip es obligatorio<\/strong>, este ser\u00e1 cedido por la organizaci\u00f3n.<\/p>\n\n\n\n<p>1.6. Tendr\u00e1, como <strong>Salida<\/strong> y <strong>Meta<\/strong> en el Paseo del Viol\u00f3n (junto al Palacio de Congresos). Todos los participantes deber\u00e1n estar preparados en la zona de salida <strong>15 minutos antes<\/strong> de \u00e9sta.<\/p>\n\n\n\n<p>1.7. La participaci\u00f3n sin inscripci\u00f3n est\u00e1 completamente prohibida por medidas de seguridad y se expulsar\u00e1 a toda persona que se encuentre en el circuito sin dorsal.<\/p>\n\n\n\n<p>1.8. No est\u00e1 permito correr con perros, bicicleta, patines o cualquier otro objeto que pueda ser peligroso para el resto de participantes.<\/p>\n\n\n\n<h1 class=\"wp-block-heading\" id=\"requisitos-previos\">2. Requisitos previos.<\/h1>\n\n\n\n<p>2.1. Estar en condiciones f\u00edsicas suficientes para afrontar la totalidad del recorrido.<\/p>\n\n\n\n<p>2..2. No padecer enfermedad, defecto f\u00edsico o lesi\u00f3n que pueda agravarse con la participaci\u00f3n.<\/p>\n\n\n\n<p>2.3. Atletas federados: estar en posesi\u00f3n de la licencia federativa en vigor y no estar sujeto a ning\u00fan tipo de sanci\u00f3n federativa.<\/p>\n\n\n\n<p>2.4. Todos los menores de edad, deber\u00e1n entregar una autorizaci\u00f3n materna\/paterna\/tutora\/tutor con el consentimiento para la participaci\u00f3n del menor en la carrera.<\/p>\n\n\n\n<h1 class=\"wp-block-heading\">3. Inscripciones.<\/h1>\n\n\n\n<p>3.1. <strong>Procedimiento de Inscripciones<\/strong>: no se aceptan inscripciones telef\u00f3nicas, ni por fax, ni por otras formas distintas a las aqu\u00ed especificadas:<\/p>\n\n\n\n<ul class=\"wp-block-list mi-lista\">\n<li><strong>On-Line<\/strong>: en la Sede Electr\u00f3nica de la Concejal\u00eda de Deportes <a href=\"https:\/\/sededeportes.granada.org\/cgi-bin\/inFini#\" data-type=\"link\" data-id=\"https:\/\/sededeportes.granada.org\/cgi-bin\/inFini#\" target=\"_blank\" rel=\"noreferrer noopener\">https:\/\/sededeportes.granada.org\/cgi-bin\/inFini#<\/a><a href=\"https:\/\/sededeportes.granada.org\/cgi-bin\/inFini?PaginaSiguiente=_xCall&amp;sp=Grupos&amp;CA=NOC&amp;Ej=2024\" target=\"_blank\" rel=\"noreferrer noopener\">\/<\/a>, escogiendo grupo seg\u00fan la edad que corresponda.<\/li>\n<\/ul>\n\n\n\n<p>3.2. <strong>Plazo de inscripci\u00f3n:<\/strong> se cerrar\u00e1 en el momento en que se supere el l\u00edmite m\u00e1ximo de participantes de <strong>2.500<\/strong>. Y en todo caso hasta el <strong>jueves 11 de diciembre a las 24:00 h<\/strong>.<\/p>\n\n\n\n<p>3.3. <strong>Derechos de participaci\u00f3n:<\/strong> <\/p>\n\n\n<figure class=\"wp-block-table\">\n<table>\n<tbody>\n<tr>\n<td colspan=\"3\" align=\"center\">\n<h3>~ Precios de Inscripci\u00f3n ~<\/h3>\n<\/td>\n<\/tr>\n<tr bgcolor=\"#354256\">\n<td align=\"center\"><b>Plazo inscripci\u00f3n<\/b><\/td>\n<td align=\"center\"><b>Adultos<\/b><\/td>\n<td align=\"center\"><b>Menores<\/b><\/td>\n<\/tr>\n<tr bgcolor=\"#873600\">\n<td align=\"center\">Hasta el jueves 11 de diciembre 2025 a las 24.00 h.<\/td>\n<td align=\"center\"><b>10 \u20ac<\/b><\/td>\n<td align=\"center\"><b>5,50 \u20ac<\/b><\/td>\n<\/tr>\n<\/tbody>\n<\/table>\n<\/figure>\n\n\n<p>y podr\u00e1 abonarse mediante:<strong><\/strong><\/p>\n\n\n\n<ul class=\"wp-block-list mi-lista\">\n<li><strong>Tarjeta On-Line<\/strong>: a trav\u00e9s de pasarela bancaria, introduciendo los datos de su tarjeta de cr\u00e9dito\/debito, cuando el procedimiento de inscripci\u00f3n on-line as\u00ed se lo solicite.<\/li>\n\n\n\n<li>Monedero electr\u00f3nico: deber\u00e1 de tener el saldo suficiente para poder conformar el pago.<\/li>\n\n\n\n<li>Saldo de usuario o usuaria: deber\u00e1 comunicarlo a la Concejal\u00eda de Deportes de la intenci\u00f3n de pagar su inscripci\u00f3n con su saldo para que se haga la compensaci\u00f3n del mismo total o parcial por la cuant\u00eda de la inscripci\u00f3n.<\/li>\n<\/ul>\n\n\n\n<p>3.4. La <strong>inscripci\u00f3n quedar\u00e1 formalizada<\/strong> cuando el ingreso haya sido comprobado. Cuando as\u00ed sea, se asignar\u00e1 autom\u00e1ticamente un n\u00famero de dorsal. <strong>Tener un dorsal asignado garantiza<\/strong> que el participante ha quedado <strong>correctamente inscrito<\/strong>. No se aceptan otras formas de pago, distintas a las especificadas.<\/p>\n\n\n\n<p><strong>Nota<\/strong>: las <strong>inscripciones de Grupos<\/strong> est\u00e1n deshabilitadas debido a que la aceptaci\u00f3n de la <strong>Condiciones de Participaci\u00f3n<\/strong> y la aceptaci\u00f3n de la <strong>Clausula de Protecci\u00f3n de Datos<\/strong> personales se deben hacer de forma individual.<\/p>\n\n\n\n<h1 class=\"wp-block-heading\">4. Categor\u00edas y Circuitos.<\/h1>\n\n\n<figure class=\"wp-block-table\">\n<table>\n<tbody>\n<tr>\n<td colspan=\"4\" align=\"center\">\n<h3>~ Circuitos Cortos ~<\/h3>\n<\/td>\n<\/tr>\n<tr bgcolor=\"#354256\">\n<td style=\"text-align: center;\" colspan=\"2\">Categor\u00edas de menores: masculinas y femeninas<\/td>\n<td align=\"center\">Distancia aprox.<\/td>\n<td align=\"center\">H. Salida aprox.<\/td>\n<\/tr>\n<tr>\n<td>J\u00f3venes Promesas<\/td>\n<td>Nacidos\/as en 2020 y 2021<\/td>\n<td align=\"center\">100 m.<\/td>\n<td align=\"center\">17:30 h.<\/td>\n<\/tr>\n<tr bgcolor=\"#873600\">\n<td>Prebenjam\u00edn<\/td>\n<td>Nacidos\/as en 2018 y 2019<\/td>\n<td align=\"center\">200 m.<\/td>\n<td align=\"center\">Comienza cuando termine la anterior.<\/td>\n<\/tr>\n<tr>\n<td>Benjam\u00edn<\/td>\n<td>Nacidos\/as en 2016 y 2017<\/td>\n<td align=\"center\">400 m.<\/td>\n<td align=\"center\">Comienza cuando termine la anterior.<\/td>\n<\/tr>\n<tr bgcolor=\"#873600\">\n<td>Alev\u00edn<\/td>\n<td>Nacidos\/as en 2014 y 2015<\/td>\n<td align=\"center\">800 m.<\/td>\n<td align=\"center\">Comienza cuando termine la anterior.<\/td>\n<\/tr>\n<tr>\n<td>Infantil<\/td>\n<td>Nacidos\/as en 2012 y 2013<\/td>\n<td align=\"center\">800 m.<\/td>\n<td align=\"center\">Comienza cuando termine la anterior.<\/td>\n<\/tr>\n<tr bgcolor=\"#873600\">\n<td>Cadete<\/td>\n<td>Nacidos\/as en 2010 y 2011<\/td>\n<td align=\"center\">1.600 m.<\/td>\n<td align=\"center\">Comienza cuando termine la anterior.<\/td>\n<\/tr>\n<tr>\n<td colspan=\"4\">\u00a0<\/td>\n<\/tr>\n<tr>\n<td colspan=\"4\" align=\"center\">\n<h3>~\u00a0Circuito Largo\u00a0~<\/h3>\n<\/td>\n<\/tr>\n<tr bgcolor=\"#354256\">\n<td colspan=\"2\" align=\"center\">Categor\u00eda de adultos: masculina y femenina<\/td>\n<td align=\"center\">Distancia aprox.<\/td>\n<td align=\"center\">H. Salida aprox.<\/td>\n<\/tr>\n<tr bgcolor=\"#873600\">\n<td>Absoluta<\/td>\n<td>Nacidos\/as en 2009 y anteriores.<\/td>\n<td align=\"center\">4.500 m.<\/td>\n<td align=\"center\">20:00 h. aprox.<\/td>\n<\/tr>\n<\/tbody>\n<\/table>\n<\/figure>\n\n\n<h1 class=\"wp-block-heading\">5. Condiciones de participaci\u00f3n.<\/h1>\n\n\n\n<p>5.1. Todo participante, <strong>al<\/strong> <strong>formalizar su inscripci\u00f3n<\/strong>, <strong>acepta las condiciones de participaci\u00f3n<\/strong> en \u00e9sta carrera y se compromete a acatar el presente reglamento.<\/p>\n\n\n\n<p>5.2. El circuito est\u00e1 comprendido dentro del plan de autoprotecci\u00f3n de la prueba, reuniendo las condiciones necesarias para la participaci\u00f3n segura del corredor y siempre que \u00e9ste no abandone el trazado dise\u00f1ado, respete las condiciones de participaci\u00f3n, y atienda en todo momento las indicaciones y\/o instrucciones que le sean dadas desde la organizaci\u00f3n o fuerzas de orden p\u00fablico.<\/p>\n\n\n\n<p>5.3. El participante deber\u00e1 mantenerse en todo momento dentro del circuito dise\u00f1ado y acotado por la polic\u00eda local y entre los veh\u00edculos de cabeza de carrera (bandera roja) y de cola de carrera (bandera verde).<\/p>\n\n\n\n<p>5.4. El participante acepta con la inscripci\u00f3n los riesgos que podr\u00edan derivarse de la pr\u00e1ctica de la actividad, en las condiciones y espacio de celebraci\u00f3n (tales como lesiones articulares y\/o musculares, rozaduras, las derivadas de un sobre esfuerzo, as\u00ed como las complicaciones m\u00e9dicas de enfermedades o lesiones del deportista que se puedan acrecentar por la pr\u00e1ctica de la actividad f\u00edsica). El recorrido es en su totalidad apto para la pr\u00e1ctica de carreras a pie y est\u00e1 aprobado por la FAA.<\/p>\n\n\n\n<p>5.5. La Organizaci\u00f3n dispondr\u00e1 de los servicios m\u00e9dicos necesarios para atender al participante durante el desarrollo de la prueba.<\/p>\n\n\n\n<p>5.6. La Organizaci\u00f3n recomienda a todos los participantes que se sometan a un reconocimiento m\u00e9dico previo a la celebraci\u00f3n de la prueba, aceptando todos los participantes el riesgo derivado de la actividad deportiva.<\/p>\n\n\n\n<p>5.7. El participante en el momento de su inscripci\u00f3n manifiesta encontrarse f\u00edsicamente apto para el evento, no obstante, aquellos corredores con afecciones m\u00e9dicas especiales (alergias, intolerancias, diabetes&#8230;), est\u00e1 obligado a notificarlo previamente y por escrito a la Organizaci\u00f3n,&nbsp; y deber\u00e1 solicitar al retirar el dorsal una etiqueta especial consignando en el reverso su problema espec\u00edfico, tel\u00e9fono y nombre de una persona de contacto,&nbsp; debi\u00e9ndosela poner en sitio visible durante la carrera.<\/p>\n\n\n<p><a name=\"LPRD\"><\/a><\/p>\n<h4><b>CLAUSURA de PROTECCI\u00d3N de DATOS de CAR\u00c1CTER PERSONAL.<\/b><\/h4>\n\n\n<p>5.8. <strong>Todo participante<\/strong>, al formalizar su inscripci\u00f3n, <strong>deber\u00e1 autorizar<\/strong> la cl\u00e1usula de protecci\u00f3n de datos siguiente:<\/p>\n\n\n\n<p><strong>\u00abDoy mi consentimiento<\/strong> para que los datos personales contenidos en esta solicitud y sean tratados la Concejal\u00eda de Deportes del Ayuntamiento de Granada, y puedan ser utilizados con la finalidad de participar en la Carrera Nocturna, a celebrar el 19 de diciembre de 2025. Asimismo autorizo la publicaci\u00f3n de mis datos personales necesarios para el desarrollo de la prueba, ya sea en listados, en medios de comunicaci\u00f3n y\/o Internet, as\u00ed como su uso para el env\u00edo de informaci\u00f3n relativa al evento. Igualmente autorizo que las im\u00e1genes recabadas (fotograf\u00eda o filme) se puedan utilizar en cualquier publicaci\u00f3n o acci\u00f3n publicitaria, con el \u00fanico fin de promoci\u00f3n y difusi\u00f3n del evento. <strong>En caso de negativa al tratamiento de sus datos no podr\u00e1 tramitarse su solicitud.<\/strong><\/p>\n\n\n\n<p style=\"margin-right:var(--wp--preset--spacing--40);margin-left:var(--wp--preset--spacing--40)\">a) De acuerdo con el Art. 13 del Reglamento (UE) 2016\/679 del Parlamento Europeo y del Consejo de 27 de abril de 2016 (Reglamento General de Protecci\u00f3n de Datos Personales) as\u00ed como con la Ley Org\u00e1nica 3\/2018, de 5 de diciembre, de protecci\u00f3n de datos personales y garant\u00eda de los derechos digitales, se informa que sus datos personales ser\u00e1n tratados por la Concejal\u00eda de Deportes del Ayuntamiento de Granada, con la finalidad de su participaci\u00f3n en la Carrera Nocturna 2025.<\/p>\n\n\n\n<p style=\"margin-right:var(--wp--preset--spacing--40);margin-left:var(--wp--preset--spacing--40)\">b) El Responsable del tratamiento es la Concejal\u00eda de Deportes del Ayuntamiento de Granada, cuya direcci\u00f3n es Oficina de Servicios Deportivos (esquina sur del Palacio de Deportes) Calle Comares, s\/n -18007- Granada, ante quien se puede ejercer los derechos de acceso, rectificaci\u00f3n o supresi\u00f3n, o la limitaci\u00f3n de su tratamiento, y oponerse al tratamiento, as\u00ed como en su caso el derecho a la portabilidad de los datos.<\/p>\n\n\n\n<p style=\"margin-right:var(--wp--preset--spacing--40);margin-left:var(--wp--preset--spacing--40)\">c) Los datos se comunicaran a las unidades del Ayuntamiento de Granada competentes en la materia relacionada con su solicitud, igualmente se informa que se comunicar\u00e1n a la empresa de cronometraje y Compa\u00f1\u00eda de Seguros con las que el Ayuntamiento de Granada tiene contratada la prestaci\u00f3n del servicio de cronometraje y seguros respectivamente, en los dem\u00e1s supuestos previstos en la normativa vigente sobre protecci\u00f3n de datos de car\u00e1cter personal.<\/p>\n\n\n\n<p style=\"margin-right:var(--wp--preset--spacing--40);margin-left:var(--wp--preset--spacing--40)\">d) Podr\u00e1 contactar con el Delegado de Protecci\u00f3n de Datos en la direcci\u00f3n electr\u00f3nica dpd@granada.org.<\/p>\n\n\n\n<p style=\"margin-right:var(--wp--preset--spacing--40);margin-left:var(--wp--preset--spacing--40)\">e) Para m\u00e1s informaci\u00f3n, consulte el Registro de Actividad de Tratamientos Eventos Deportivos en el siguiente <a href=\"https:\/\/bit.ly\/Eventos-PDCP\">enlace<\/a>.\u00bb<\/p>\n\n\n\n<p><strong>Sin dicha autorizaci\u00f3n NO<\/strong> se permite la participaci\u00f3n en la carrera.<\/p>\n\n\n\n<p>Cada participante es responsable de la veracidad de los datos proporcionados en su inscripci\u00f3n.<\/p>\n\n\n\n<p><strong>No <\/strong>se permite la<strong> participaci\u00f3n<\/strong> en la carrera <strong>sin inscripci\u00f3n previa.<\/strong><\/p>\n\n\n\n<p>La <strong>devoluci\u00f3n de cuotas<\/strong> se deber\u00e1 ajustar a la \u00ab<a href=\"http:\/\/chrome-extension:\/\/efaidnbmnnnibpcajpcglclefindmkaj\/https:\/\/pmdgranada.es\/newsecciones\/informacion\/descargas\/Norma-Precios-Publicos-Actividades.pdf\">NORMATIVA DE GESTI\u00d3N Y PRECIOS P\u00daBLICOS POR LAS PRESTACIONES DE SERVICIO P\u00daBLICO DE DEPORTES<\/a>\u00bb (Bolet\u00edn Oficial de la Provincia n\u00famero 116 de 22 de junio de 2023).<\/p>\n\n\n\n<h1 class=\"wp-block-heading\">6. Retirada de Dorsales y Chips.<\/h1>\n\n\n\n<p>6.1. Los <strong>dorsales y chips<\/strong> se podr\u00e1n retirar en El Corte Ingl\u00e9s (4\u00aa Planta, zona deportes) durante los d\u00edas 18 y 19 de diciembre con los siguientes horarios:<\/p>\n\n\n\n<ul class=\"wp-block-list mi-lista\">\n<li><strong>Jueves 18 de diciembre<\/strong>, de 10.00 a 21.00 h.<\/li>\n\n\n\n<li><strong>Viernes 19 de diciembre<\/strong>, de 10.00 a 19.00 h.<\/li>\n<\/ul>\n\n\n\n<p><strong>Nota:<\/strong> No se har\u00e1 entrega de dorsales y chips la tarde del 19 de diciembre en la zona de competici\u00f3n.<\/p>\n\n\n\n<h1 class=\"wp-block-heading\">7. Obsequios y Premios.<\/h1>\n\n\n\n<p><strong>Nota:<\/strong> si el participante no recoge el premio en la ceremonia de entrega, perder\u00e1 todo derecho al mismo.<\/p>\n\n\n\n<p>7.1. Todos los corredores inscritos en la prueba recibir\u00e1n una camiseta conmemorativa de la carrera.<\/p>\n\n\n\n<p>7.2. <strong>Recorrido Largo:<\/strong><\/p>\n\n\n\n<ul class=\"wp-block-list mi-lista\">\n<li><strong>Trofeo<\/strong> para los <strong>3 primeros clasificados absolutos, <\/strong>masculino y femenino, debiendo acreditarse mediante DNI, pasaporte o carn\u00e9 de conducir, para su recogida.<strong><\/strong><\/li>\n<\/ul>\n\n\n\n<p>7.3. <strong>Recorridos Cortos<\/strong>: <\/p>\n\n\n\n<ul class=\"wp-block-list mi-lista\">\n<li><strong>Medallas<\/strong> para todos los corredores inscritos que finalicen el recorrido.<strong><\/strong><\/li>\n\n\n\n<li><strong>Trofeo<\/strong> a los <strong>3 primeros de cada categor\u00eda, <\/strong>masculina y femenina.<\/li>\n<\/ul>\n\n\n\n<h1 class=\"wp-block-heading\" id=\"competicion\">8. Competici\u00f3n.<\/h1>\n\n\n\n<p>8.7. <strong>Guardarropa<\/strong>. La Organizaci\u00f3n de la prueba pone a disposici\u00f3n de los participantes guardarropa de uso puntual para el tiempo que dure la prueba de manera gratuita. Se recomienda expresamente no dejar objetos de valor, joyas o dinero en el guarda-ropa y no se hace responsable de ninguna perdida, hurto o robo de las pertenencias depositadas.<\/p>\n\n\n\n<p>8.2. <strong>Tiempo:<\/strong> por inter\u00e9s general la organizaci\u00f3n limita el tiempo m\u00e1ximo a emplear en el recorrido de los 4,5 km a 1 h y 30 minutos para realizar todo el recorrido, una vez rebasado el tiempo m\u00e1ximo la Polic\u00eda podr\u00e1 pedir que el\/la atleta se quite el dorsal y abandone el circuito debiendo irse a la acera.<\/p>\n\n\n\n<p>8.3. <strong>Clasificaciones<\/strong>: El cronometraje de la prueba se realizar\u00e1 mediante el sistema de <strong>\u201cchip electr\u00f3nico desechable\u201d<\/strong>, por lo que es obligatoria su utilizaci\u00f3n para la prueba competitiva. Los corredores deber\u00e1n recogerlo, junto con el dorsal, antes del inicio de la prueba. El chip va adherido al dorsal para poder permitir el control por la esterilla de cronometraje.<\/p>\n\n\n\n<p>8.4. <strong>Circulaci\u00f3n<\/strong>: La totalidad del circuito estar\u00e1 restringido al tr\u00e1fico rodado y cerrado completamente en el sentido de la carrera. Los \u00fanicos <strong>veh\u00edculos autorizados<\/strong> a seguir la prueba ser\u00e1n los designados por la Organizaci\u00f3n. La Polic\u00eda Local<strong> podr\u00e1 sancionar<\/strong> expresamente a aquellos conductores que incumplan las limitaciones de circulaci\u00f3n establecidas.<\/p>\n\n\n\n<p>8.5 <strong>Seguros<\/strong>: Los participantes dispondr\u00e1n de un <strong>seguro de accidentes y responsabilidad civ<\/strong><strong>il <\/strong>que cubrir\u00e1 las incidencias inherentes a la carrera. La Organizaci\u00f3n declina toda responsabilidad por los da\u00f1os, perjuicios o lesiones que los participantes puedan sufrir o causar a terceros, fuera del estricto \u00e1mbito de la competici\u00f3n.<\/p>\n\n\n\n<p>8.6. <strong>Sanciones Deportivas: <\/strong>Ser\u00e1 autom\u00e1ticamente <strong>descalificado en la prueba competitiva.<\/strong><\/p>\n\n\n\n<ul class=\"wp-block-list mi-lista\">\n<li>Quien no lleve el chip. Quien no realice el recorrido completo o no lleve a cabo su paso por alg\u00fan control.<\/li>\n\n\n\n<li>Quien no lleve visible el dorsal. Quien altere la publicidad del dorsal. Quien corra con dorsal adjudicado a otro\/a atleta.<\/li>\n\n\n\n<li>Quien falsee la categor\u00eda.<\/li>\n\n\n\n<li>Quien entre en meta sin dorsal.<\/li>\n\n\n\n<li>Quien no atienda las indicaciones de los jueces.<\/li>\n\n\n\n<li>Quien manifieste un comportamiento no deportivo.<\/li>\n<\/ul>\n\n\n\n<p>8.7. <strong>Reclamaciones o impugnaciones: <\/strong>Ser\u00e1n \u00fanicamente competencia y deber\u00e1n ser cursadas <strong>al al juez \u00e1rbitro de la prueba <\/strong>hasta 30 minutos despu\u00e9s de la publicaci\u00f3n de los resultados.<\/p>\n\n\n\n<h1 class=\"wp-block-heading\">9. Informaci\u00f3n y Contacto.<\/h1>\n\n\n\n<p>9.1. <strong>Secretar\u00eda de Organizaci\u00f3n:<\/strong> ubicada en la Oficina de la Concejal\u00eda de Deportes, anexa al Palacio de Deportes (C\/ Torre Comares s\/n, 18007 Granada). Tel\u00e9fono.: <strong>958.13.11.17<\/strong>, en horario de lunes a viernes de 9:00 a 14:00h. E-mail: <strong>eventos@granada.org<\/strong>. Web: <strong>https:\/\/deportes.granada.org\/NOCTURNA\/<\/strong>.<\/p>\n\n\n\n<p>9.2. <strong>Centro de Competici\u00f3n:<\/strong> estar\u00e1 ubicado en Pl. Monumento al Viajero (Paseo del Viol\u00f3n), abierto desde el 19 de diciembre las 17:00h, hasta la finalizaci\u00f3n de la prueba.<\/p>\n\n\n\n<h1 class=\"wp-block-heading\" id=\"recorrido-largo\">10. Recorrido Largo.<\/h1>\n\n\n\n<h4 class=\"wp-block-heading\">10.1. <strong><u>Recorrido 4.500 m. aprox. (nacidos en 2009 y anteriores):<\/u><\/strong><\/h4>\n\n\n\n<p><strong><u>SALIDA<\/u>:<\/strong> 20.00 h. Paseo del Viol\u00f3n (junto palacio de Congresos) , C\/ Acera del Darro, C\/ Recogidas, C\/ Puentezuelas, C\/ Carril del Pic\u00f3n, C\/ Gran Capit\u00e1n, C\/ San Juan de Dios, C\/ Gran V\u00eda de Col\u00f3n, C\/ Reyes Cat\u00f3licos, C\/ \u00c1ngel Ganivet, Pl. Marina Pineda, Pl. del Campillo, Carrera de la Virgen, Paseo del Sal\u00f3n, C\/ Acera del Darro, Paseo Del Viol\u00f3n <strong>Meta:<\/strong> Paseo del Viol\u00f3n.<\/p>\n\n\n\n<p><strong><u>META:<\/u><\/strong> <strong>Paseo del Viol\u00f3n<\/strong>. <strong>Distancia del circuito<\/strong>: 4.500 m aprox.<\/p>\n\n\n\n<figure class=\"wp-block-image aligncenter size-full\"><img loading=\"lazy\" decoding=\"async\" width=\"1257\" height=\"753\" src=\"https:\/\/www.pmdgranada.es\/NOCTURNA\/wp-content\/uploads\/2023\/09\/Adultos-4.5k.jpg\" alt=\"Carrera larga Nocturna 2023\" class=\"wp-image-627\" srcset=\"https:\/\/www.pmdgranada.es\/NOCTURNA\/wp-content\/uploads\/2023\/09\/Adultos-4.5k.jpg 1257w, https:\/\/www.pmdgranada.es\/NOCTURNA\/wp-content\/uploads\/2023\/09\/Adultos-4.5k-600x359.jpg 600w, https:\/\/www.pmdgranada.es\/NOCTURNA\/wp-content\/uploads\/2023\/09\/Adultos-4.5k-768x460.jpg 768w\" sizes=\"auto, (max-width: 1257px) 100vw, 1257px\" \/><\/figure>\n\n\n\n<div style=\"height:30px\" aria-hidden=\"true\" class=\"wp-block-spacer\"><\/div>\n\n\n\n<h1 class=\"wp-block-heading\" id=\"recorridos-cortos\">11. Recorridos Cortos.<\/h1>\n\n\n\n<h4 class=\"wp-block-heading\">11.1. <strong><u>Recorrido 100 m.  J\u00f3venes Promesas (nacidos en 2020 y 2021) 1 vuelta al circuito:<\/u> <\/strong><\/h4>\n\n\n\n<p><strong><u>SALIDA:<\/u><\/strong> 17:30 h. Paseo del Viol\u00f3n. Dorsal Rojo<\/p>\n\n\n\n<p><strong><u>META:<\/u><\/strong> Paseo del Viol\u00f3n. <strong>Distancia del circuito<\/strong>: 100 m aprox.<\/p>\n\n\n\n<figure class=\"wp-block-image aligncenter size-full\"><img loading=\"lazy\" decoding=\"async\" width=\"1257\" height=\"753\" src=\"https:\/\/www.pmdgranada.es\/NOCTURNA\/wp-content\/uploads\/2023\/09\/50.jpg\" alt=\"Circuitos Cortos 50 m\" class=\"wp-image-632\" srcset=\"https:\/\/www.pmdgranada.es\/NOCTURNA\/wp-content\/uploads\/2023\/09\/50.jpg 1257w, https:\/\/www.pmdgranada.es\/NOCTURNA\/wp-content\/uploads\/2023\/09\/50-600x359.jpg 600w, https:\/\/www.pmdgranada.es\/NOCTURNA\/wp-content\/uploads\/2023\/09\/50-768x460.jpg 768w\" sizes=\"auto, (max-width: 1257px) 100vw, 1257px\" \/><\/figure>\n\n\n\n<div style=\"height:50px\" aria-hidden=\"true\" class=\"wp-block-spacer\"><\/div>\n\n\n\n<h4 class=\"wp-block-heading\">11.2. <strong><u>Recorrido 200 m. Prebenjam\u00edn (nacidos en 2018 y 2019) 1 vuelta al circuito:<\/u><\/strong><\/h4>\n\n\n\n<p><strong><u>SALIDA:<\/u><\/strong> Tras la finalizaci\u00f3n de la categor\u00eda anterior. Paseo del Viol\u00f3n. Dorsal celeste.<\/p>\n\n\n\n<p><strong><u>META:<\/u><\/strong> Paseo del Viol\u00f3n. <strong>Distancia del circuito<\/strong>: 200 m aprox.<\/p>\n\n\n\n<figure class=\"wp-block-image aligncenter size-full\"><img loading=\"lazy\" decoding=\"async\" width=\"1257\" height=\"753\" src=\"https:\/\/www.pmdgranada.es\/NOCTURNA\/wp-content\/uploads\/2023\/09\/320.jpg\" alt=\"Circuitos Cortos 320 m\" class=\"wp-image-634\" srcset=\"https:\/\/www.pmdgranada.es\/NOCTURNA\/wp-content\/uploads\/2023\/09\/320.jpg 1257w, https:\/\/www.pmdgranada.es\/NOCTURNA\/wp-content\/uploads\/2023\/09\/320-600x359.jpg 600w, https:\/\/www.pmdgranada.es\/NOCTURNA\/wp-content\/uploads\/2023\/09\/320-768x460.jpg 768w\" sizes=\"auto, (max-width: 1257px) 100vw, 1257px\" \/><\/figure>\n\n\n\n<div style=\"height:50px\" aria-hidden=\"true\" class=\"wp-block-spacer\"><\/div>\n\n\n\n<h4 class=\"wp-block-heading\">11.3. <strong><u>Recorrido 400 m. Benjam\u00edn<\/u><\/strong><strong><u> (nacidos en 2016 y 2017) 2 vuelta al circuito:<\/u><\/strong><\/h4>\n\n\n\n<p><strong><u>SALIDA:<\/u><\/strong> Tras la finalizaci\u00f3n de la categor\u00eda anterior. Paseo del Viol\u00f3n. Dorsal verde.<\/p>\n\n\n\n<p><strong><u>META:<\/u><\/strong> Paseo del Viol\u00f3n. <strong>Distancia del circuito<\/strong>: 400 m aprox.<\/p>\n\n\n\n<figure class=\"wp-block-image aligncenter size-full\"><img loading=\"lazy\" decoding=\"async\" width=\"1257\" height=\"753\" src=\"https:\/\/www.pmdgranada.es\/NOCTURNA\/wp-content\/uploads\/2023\/09\/320.jpg\" alt=\"Circuitos Cortos 320 m\" class=\"wp-image-634\" srcset=\"https:\/\/www.pmdgranada.es\/NOCTURNA\/wp-content\/uploads\/2023\/09\/320.jpg 1257w, https:\/\/www.pmdgranada.es\/NOCTURNA\/wp-content\/uploads\/2023\/09\/320-600x359.jpg 600w, https:\/\/www.pmdgranada.es\/NOCTURNA\/wp-content\/uploads\/2023\/09\/320-768x460.jpg 768w\" sizes=\"auto, (max-width: 1257px) 100vw, 1257px\" \/><\/figure>\n\n\n\n<div style=\"height:50px\" aria-hidden=\"true\" class=\"wp-block-spacer\"><\/div>\n\n\n\n<h4 class=\"wp-block-heading\">11.4. <strong><u>Recorrido 800 m. Alev\u00edn<\/u><\/strong><strong><u> (nacidos entre 2014 y 2015) 4 vueltas al circuito:<\/u><\/strong><\/h4>\n\n\n\n<p><strong><u>SALIDA:<\/u><\/strong> Tras la finalizaci\u00f3n de la categor\u00eda anterior. Paseo del Viol\u00f3n. Dorsal amarillo.<\/p>\n\n\n\n<p><strong><u>META:<\/u><\/strong> Paseo del Viol\u00f3n. <strong>Distancia del circuito<\/strong>: 800 m aprox.<\/p>\n\n\n\n<figure class=\"wp-block-image aligncenter size-full\"><img loading=\"lazy\" decoding=\"async\" width=\"1257\" height=\"753\" src=\"https:\/\/www.pmdgranada.es\/NOCTURNA\/wp-content\/uploads\/2023\/09\/320.jpg\" alt=\"Circuitos Cortos 320 m\" class=\"wp-image-634\" srcset=\"https:\/\/www.pmdgranada.es\/NOCTURNA\/wp-content\/uploads\/2023\/09\/320.jpg 1257w, https:\/\/www.pmdgranada.es\/NOCTURNA\/wp-content\/uploads\/2023\/09\/320-600x359.jpg 600w, https:\/\/www.pmdgranada.es\/NOCTURNA\/wp-content\/uploads\/2023\/09\/320-768x460.jpg 768w\" sizes=\"auto, (max-width: 1257px) 100vw, 1257px\" \/><\/figure>\n\n\n\n<div style=\"height:50px\" aria-hidden=\"true\" class=\"wp-block-spacer\"><\/div>\n\n\n\n<h4 class=\"wp-block-heading\">11.5. <strong><u>Recorrido 800 m. aprox. Infantil (nacidos entre 2012 y 2013) 4 vueltas al circuito:<\/u><\/strong><\/h4>\n\n\n\n<p><strong><u>SALIDA:<\/u><\/strong> Tras la finalizaci\u00f3n de la categor\u00eda anterior. Paseo del Viol\u00f3n. Dorsal naranja.<\/p>\n\n\n\n<p><strong><u>META:<\/u><\/strong> Paseo del Viol\u00f3n. <strong>Distancia del circuito<\/strong>: 800 m aprox.<\/p>\n\n\n\n<figure class=\"wp-block-image aligncenter size-full\"><img loading=\"lazy\" decoding=\"async\" width=\"1257\" height=\"753\" src=\"https:\/\/www.pmdgranada.es\/NOCTURNA\/wp-content\/uploads\/2023\/09\/320.jpg\" alt=\"Circuitos Cortos 320 m\" class=\"wp-image-634\" srcset=\"https:\/\/www.pmdgranada.es\/NOCTURNA\/wp-content\/uploads\/2023\/09\/320.jpg 1257w, https:\/\/www.pmdgranada.es\/NOCTURNA\/wp-content\/uploads\/2023\/09\/320-600x359.jpg 600w, https:\/\/www.pmdgranada.es\/NOCTURNA\/wp-content\/uploads\/2023\/09\/320-768x460.jpg 768w\" sizes=\"auto, (max-width: 1257px) 100vw, 1257px\" \/><\/figure>\n\n\n\n<div style=\"height:50px\" aria-hidden=\"true\" class=\"wp-block-spacer\"><\/div>\n\n\n\n<h4 class=\"wp-block-heading\">11.6. <strong><u>Recorrido 1.600 m. Cadete<\/u><\/strong><strong><u> (nacidos entre 2010 y 2011) 8 vueltas al circuito:<\/u><\/strong><\/h4>\n\n\n\n<p><strong><u>SALIDA:<\/u><\/strong> Tras la finalizaci\u00f3n de la categor\u00eda anterior. Paseo del Viol\u00f3n. Dorsal violeta<\/p>\n\n\n\n<p><strong><u>META:<\/u><\/strong> Paseo del Viol\u00f3n. <strong>Distancia del circuito<\/strong>: 1.600 m aprox.<\/p>\n\n\n\n<figure class=\"wp-block-image aligncenter size-full\"><img loading=\"lazy\" decoding=\"async\" width=\"1257\" height=\"753\" src=\"https:\/\/www.pmdgranada.es\/NOCTURNA\/wp-content\/uploads\/2023\/09\/320.jpg\" alt=\"Circuitos Cortos 320 m\" class=\"wp-image-634\" srcset=\"https:\/\/www.pmdgranada.es\/NOCTURNA\/wp-content\/uploads\/2023\/09\/320.jpg 1257w, https:\/\/www.pmdgranada.es\/NOCTURNA\/wp-content\/uploads\/2023\/09\/320-600x359.jpg 600w, https:\/\/www.pmdgranada.es\/NOCTURNA\/wp-content\/uploads\/2023\/09\/320-768x460.jpg 768w\" sizes=\"auto, (max-width: 1257px) 100vw, 1257px\" \/><\/figure>\n","protected":false},"excerpt":{"rendered":"<p>1. Presentaci\u00f3n. 1.1. La Concejal\u00eda de Deportes del Excmo. Ayuntamiento de Granada organiza la Carrera Nocturna 2025, en la que puede tomar parte cualquier persona que lo desee, siempre que cumpla los requisitos exigidos el d\u00eda de la prueba. La edad m\u00ednima para participar es de 4 a\u00f1os. 1.2. La Carrera Nocturna se celebrar\u00e1 el [&hellip;]<\/p>\n","protected":false},"author":1,"featured_media":0,"parent":0,"menu_order":200,"comment_status":"closed","ping_status":"closed","template":"","meta":{"_coblocks_attr":"","_coblocks_dimensions":"","_coblocks_responsive_height":"","_coblocks_accordion_ie_support":"","inline_featured_image":false,"_uag_custom_page_level_css":"","site-sidebar-layout":"default","site-content-layout":"","ast-site-content-layout":"default","site-content-style":"default","site-sidebar-style":"default","ast-global-header-display":"","ast-banner-title-visibility":"","ast-main-header-display":"","ast-hfb-above-header-display":"","ast-hfb-below-header-display":"","ast-hfb-mobile-header-display":"","site-post-title":"","ast-breadcrumbs-content":"","ast-featured-img":"","footer-sml-layout":"","ast-disable-related-posts":"","theme-transparent-header-meta":"","adv-header-id-meta":"","stick-header-meta":"","header-above-stick-meta":"","header-main-stick-meta":"","header-below-stick-meta":"","astra-migrate-meta-layouts":"set","ast-page-background-enabled":"default","ast-page-background-meta":{"desktop":{"background-color":"var(--ast-global-color-4)","background-image":"","background-repeat":"repeat","background-position":"center center","background-size":"auto","background-attachment":"scroll","background-type":"","background-media":"","overlay-type":"","overlay-color":"","overlay-opacity":"","overlay-gradient":""},"tablet":{"background-color":"","background-image":"","background-repeat":"repeat","background-position":"center center","background-size":"auto","background-attachment":"scroll","background-type":"","background-media":"","overlay-type":"","overlay-color":"","overlay-opacity":"","overlay-gradient":""},"mobile":{"background-color":"","background-image":"","background-repeat":"repeat","background-position":"center center","background-size":"auto","background-attachment":"scroll","background-type":"","background-media":"","overlay-type":"","overlay-color":"","overlay-opacity":"","overlay-gradient":""}},"ast-content-background-meta":{"desktop":{"background-color":"var(--ast-global-color-5)","background-image":"","background-repeat":"repeat","background-position":"center center","background-size":"auto","background-attachment":"scroll","background-type":"","background-media":"","overlay-type":"","overlay-color":"","overlay-opacity":"","overlay-gradient":""},"tablet":{"background-color":"var(--ast-global-color-5)","background-image":"","background-repeat":"repeat","background-position":"center center","background-size":"auto","background-attachment":"scroll","background-type":"","background-media":"","overlay-type":"","overlay-color":"","overlay-opacity":"","overlay-gradient":""},"mobile":{"background-color":"var(--ast-global-color-5)","background-image":"","background-repeat":"repeat","background-position":"center center","background-size":"auto","background-attachment":"scroll","background-type":"","background-media":"","overlay-type":"","overlay-color":"","overlay-opacity":"","overlay-gradient":""}},"footnotes":""},"class_list":["post-22","page","type-page","status-publish","hentry"],"yoast_head":"<!-- This site is optimized with the Yoast SEO plugin v27.3 - https:\/\/yoast.com\/product\/yoast-seo-wordpress\/ -->\n<title>CONDICIONES DE PARTICIPACI\u00d3N - 33 EDICI\u00d3N 2025 - Carrera Nocturna y de Disfraces Granada<\/title>\n<meta name=\"robots\" content=\"index, follow, max-snippet:-1, max-image-preview:large, max-video-preview:-1\" \/>\n<link rel=\"canonical\" href=\"https:\/\/www.pmdgranada.es\/NOCTURNA\/normativa\/\" \/>\n<meta property=\"og:locale\" content=\"es_ES\" \/>\n<meta property=\"og:type\" content=\"article\" \/>\n<meta property=\"og:title\" content=\"CONDICIONES DE PARTICIPACI\u00d3N - 33 EDICI\u00d3N 2025 - Carrera Nocturna y de Disfraces Granada\" \/>\n<meta property=\"og:description\" content=\"1. Presentaci\u00f3n. 1.1. La Concejal\u00eda de Deportes del Excmo. Ayuntamiento de Granada organiza la Carrera Nocturna 2025, en la que puede tomar parte cualquier persona que lo desee, siempre que cumpla los requisitos exigidos el d\u00eda de la prueba. La edad m\u00ednima para participar es de 4 a\u00f1os. 1.2. La Carrera Nocturna se celebrar\u00e1 el [&hellip;]\" \/>\n<meta property=\"og:url\" content=\"https:\/\/www.pmdgranada.es\/NOCTURNA\/normativa\/\" \/>\n<meta property=\"og:site_name\" content=\"Carrera Nocturna y de Disfraces Granada\" \/>\n<meta property=\"article:modified_time\" content=\"2025-12-01T09:12:58+00:00\" \/>\n<meta property=\"og:image\" content=\"https:\/\/www.pmdgranada.es\/NOCTURNA\/wp-content\/uploads\/2023\/09\/Adultos-4.5k.jpg\" \/>\n\t<meta property=\"og:image:width\" content=\"1257\" \/>\n\t<meta property=\"og:image:height\" content=\"753\" \/>\n\t<meta property=\"og:image:type\" content=\"image\/jpeg\" \/>\n<meta name=\"twitter:card\" content=\"summary_large_image\" \/>\n<meta name=\"twitter:label1\" content=\"Tiempo de lectura\" \/>\n\t<meta name=\"twitter:data1\" content=\"13 minutos\" \/>\n<script type=\"application\/ld+json\" class=\"yoast-schema-graph\">{\"@context\":\"https:\\\/\\\/schema.org\",\"@graph\":[{\"@type\":\"WebPage\",\"@id\":\"https:\\\/\\\/www.pmdgranada.es\\\/NOCTURNA\\\/normativa\\\/\",\"url\":\"https:\\\/\\\/www.pmdgranada.es\\\/NOCTURNA\\\/normativa\\\/\",\"name\":\"CONDICIONES DE PARTICIPACI\u00d3N - 33 EDICI\u00d3N 2025 - Carrera Nocturna y de Disfraces Granada\",\"isPartOf\":{\"@id\":\"https:\\\/\\\/www.pmdgranada.es\\\/NOCTURNA\\\/#website\"},\"primaryImageOfPage\":{\"@id\":\"https:\\\/\\\/www.pmdgranada.es\\\/NOCTURNA\\\/normativa\\\/#primaryimage\"},\"image\":{\"@id\":\"https:\\\/\\\/www.pmdgranada.es\\\/NOCTURNA\\\/normativa\\\/#primaryimage\"},\"thumbnailUrl\":\"https:\\\/\\\/www.pmdgranada.es\\\/NOCTURNA\\\/wp-content\\\/uploads\\\/2023\\\/09\\\/Adultos-4.5k.jpg\",\"datePublished\":\"2022-09-22T08:09:52+00:00\",\"dateModified\":\"2025-12-01T09:12:58+00:00\",\"breadcrumb\":{\"@id\":\"https:\\\/\\\/www.pmdgranada.es\\\/NOCTURNA\\\/normativa\\\/#breadcrumb\"},\"inLanguage\":\"es\",\"potentialAction\":[{\"@type\":\"ReadAction\",\"target\":[\"https:\\\/\\\/www.pmdgranada.es\\\/NOCTURNA\\\/normativa\\\/\"]}]},{\"@type\":\"ImageObject\",\"inLanguage\":\"es\",\"@id\":\"https:\\\/\\\/www.pmdgranada.es\\\/NOCTURNA\\\/normativa\\\/#primaryimage\",\"url\":\"https:\\\/\\\/www.pmdgranada.es\\\/NOCTURNA\\\/wp-content\\\/uploads\\\/2023\\\/09\\\/Adultos-4.5k.jpg\",\"contentUrl\":\"https:\\\/\\\/www.pmdgranada.es\\\/NOCTURNA\\\/wp-content\\\/uploads\\\/2023\\\/09\\\/Adultos-4.5k.jpg\",\"width\":1257,\"height\":753,\"caption\":\"Carrera larga Nocturna 2023\"},{\"@type\":\"BreadcrumbList\",\"@id\":\"https:\\\/\\\/www.pmdgranada.es\\\/NOCTURNA\\\/normativa\\\/#breadcrumb\",\"itemListElement\":[{\"@type\":\"ListItem\",\"position\":1,\"name\":\"Portada\",\"item\":\"https:\\\/\\\/www.pmdgranada.es\\\/NOCTURNA\\\/\"},{\"@type\":\"ListItem\",\"position\":2,\"name\":\"CONDICIONES DE PARTICIPACI\u00d3N &#8211; 33 EDICI\u00d3N 2025\"}]},{\"@type\":\"WebSite\",\"@id\":\"https:\\\/\\\/www.pmdgranada.es\\\/NOCTURNA\\\/#website\",\"url\":\"https:\\\/\\\/www.pmdgranada.es\\\/NOCTURNA\\\/\",\"name\":\"Carrera Nocturna y de Disfraces Granada\",\"description\":\"Carrera Nocturna de disfraces Granada\",\"potentialAction\":[{\"@type\":\"SearchAction\",\"target\":{\"@type\":\"EntryPoint\",\"urlTemplate\":\"https:\\\/\\\/www.pmdgranada.es\\\/NOCTURNA\\\/?s={search_term_string}\"},\"query-input\":{\"@type\":\"PropertyValueSpecification\",\"valueRequired\":true,\"valueName\":\"search_term_string\"}}],\"inLanguage\":\"es\"}]}<\/script>\n<!-- \/ Yoast SEO plugin. -->","yoast_head_json":{"title":"CONDICIONES DE PARTICIPACI\u00d3N - 33 EDICI\u00d3N 2025 - Carrera Nocturna y de Disfraces Granada","robots":{"index":"index","follow":"follow","max-snippet":"max-snippet:-1","max-image-preview":"max-image-preview:large","max-video-preview":"max-video-preview:-1"},"canonical":"https:\/\/www.pmdgranada.es\/NOCTURNA\/normativa\/","og_locale":"es_ES","og_type":"article","og_title":"CONDICIONES DE PARTICIPACI\u00d3N - 33 EDICI\u00d3N 2025 - Carrera Nocturna y de Disfraces Granada","og_description":"1. Presentaci\u00f3n. 1.1. La Concejal\u00eda de Deportes del Excmo. Ayuntamiento de Granada organiza la Carrera Nocturna 2025, en la que puede tomar parte cualquier persona que lo desee, siempre que cumpla los requisitos exigidos el d\u00eda de la prueba. La edad m\u00ednima para participar es de 4 a\u00f1os. 1.2. La Carrera Nocturna se celebrar\u00e1 el [&hellip;]","og_url":"https:\/\/www.pmdgranada.es\/NOCTURNA\/normativa\/","og_site_name":"Carrera Nocturna y de Disfraces Granada","article_modified_time":"2025-12-01T09:12:58+00:00","og_image":[{"width":1257,"height":753,"url":"https:\/\/www.pmdgranada.es\/NOCTURNA\/wp-content\/uploads\/2023\/09\/Adultos-4.5k.jpg","type":"image\/jpeg"}],"twitter_card":"summary_large_image","twitter_misc":{"Tiempo de lectura":"13 minutos"},"schema":{"@context":"https:\/\/schema.org","@graph":[{"@type":"WebPage","@id":"https:\/\/www.pmdgranada.es\/NOCTURNA\/normativa\/","url":"https:\/\/www.pmdgranada.es\/NOCTURNA\/normativa\/","name":"CONDICIONES DE PARTICIPACI\u00d3N - 33 EDICI\u00d3N 2025 - Carrera Nocturna y de Disfraces Granada","isPartOf":{"@id":"https:\/\/www.pmdgranada.es\/NOCTURNA\/#website"},"primaryImageOfPage":{"@id":"https:\/\/www.pmdgranada.es\/NOCTURNA\/normativa\/#primaryimage"},"image":{"@id":"https:\/\/www.pmdgranada.es\/NOCTURNA\/normativa\/#primaryimage"},"thumbnailUrl":"https:\/\/www.pmdgranada.es\/NOCTURNA\/wp-content\/uploads\/2023\/09\/Adultos-4.5k.jpg","datePublished":"2022-09-22T08:09:52+00:00","dateModified":"2025-12-01T09:12:58+00:00","breadcrumb":{"@id":"https:\/\/www.pmdgranada.es\/NOCTURNA\/normativa\/#breadcrumb"},"inLanguage":"es","potentialAction":[{"@type":"ReadAction","target":["https:\/\/www.pmdgranada.es\/NOCTURNA\/normativa\/"]}]},{"@type":"ImageObject","inLanguage":"es","@id":"https:\/\/www.pmdgranada.es\/NOCTURNA\/normativa\/#primaryimage","url":"https:\/\/www.pmdgranada.es\/NOCTURNA\/wp-content\/uploads\/2023\/09\/Adultos-4.5k.jpg","contentUrl":"https:\/\/www.pmdgranada.es\/NOCTURNA\/wp-content\/uploads\/2023\/09\/Adultos-4.5k.jpg","width":1257,"height":753,"caption":"Carrera larga Nocturna 2023"},{"@type":"BreadcrumbList","@id":"https:\/\/www.pmdgranada.es\/NOCTURNA\/normativa\/#breadcrumb","itemListElement":[{"@type":"ListItem","position":1,"name":"Portada","item":"https:\/\/www.pmdgranada.es\/NOCTURNA\/"},{"@type":"ListItem","position":2,"name":"CONDICIONES DE PARTICIPACI\u00d3N &#8211; 33 EDICI\u00d3N 2025"}]},{"@type":"WebSite","@id":"https:\/\/www.pmdgranada.es\/NOCTURNA\/#website","url":"https:\/\/www.pmdgranada.es\/NOCTURNA\/","name":"Carrera Nocturna y de Disfraces Granada","description":"Carrera Nocturna de disfraces Granada","potentialAction":[{"@type":"SearchAction","target":{"@type":"EntryPoint","urlTemplate":"https:\/\/www.pmdgranada.es\/NOCTURNA\/?s={search_term_string}"},"query-input":{"@type":"PropertyValueSpecification","valueRequired":true,"valueName":"search_term_string"}}],"inLanguage":"es"}]}},"uagb_featured_image_src":{"full":false,"thumbnail":false,"medium":false,"medium_large":false,"large":false,"1536x1536":false,"2048x2048":false},"uagb_author_info":{"display_name":"Admin","author_link":"https:\/\/www.pmdgranada.es\/NOCTURNA\/author\/ro\/"},"uagb_comment_info":0,"uagb_excerpt":"1. Presentaci\u00f3n. 1.1. La Concejal\u00eda de Deportes del Excmo. Ayuntamiento de Granada organiza la Carrera Nocturna 2025, en la que puede tomar parte cualquier persona que lo desee, siempre que cumpla los requisitos exigidos el d\u00eda de la prueba. La edad m\u00ednima para participar es de 4 a\u00f1os. 1.2. La Carrera Nocturna se celebrar\u00e1 el&hellip;","_links":{"self":[{"href":"https:\/\/www.pmdgranada.es\/NOCTURNA\/wp-json\/wp\/v2\/pages\/22","targetHints":{"allow":["GET"]}}],"collection":[{"href":"https:\/\/www.pmdgranada.es\/NOCTURNA\/wp-json\/wp\/v2\/pages"}],"about":[{"href":"https:\/\/www.pmdgranada.es\/NOCTURNA\/wp-json\/wp\/v2\/types\/page"}],"author":[{"embeddable":true,"href":"https:\/\/www.pmdgranada.es\/NOCTURNA\/wp-json\/wp\/v2\/users\/1"}],"replies":[{"embeddable":true,"href":"https:\/\/www.pmdgranada.es\/NOCTURNA\/wp-json\/wp\/v2\/comments?post=22"}],"version-history":[{"count":125,"href":"https:\/\/www.pmdgranada.es\/NOCTURNA\/wp-json\/wp\/v2\/pages\/22\/revisions"}],"predecessor-version":[{"id":1084,"href":"https:\/\/www.pmdgranada.es\/NOCTURNA\/wp-json\/wp\/v2\/pages\/22\/revisions\/1084"}],"wp:attachment":[{"href":"https:\/\/www.pmdgranada.es\/NOCTURNA\/wp-json\/wp\/v2\/media?parent=22"}],"curies":[{"name":"wp","href":"https:\/\/api.w.org\/{rel}","templated":true}]}}